{"id":1428,"date":"2023-07-28T12:00:02","date_gmt":"2023-07-28T15:00:02","guid":{"rendered":"https:\/\/www.fensg.upe.br\/?page_id=1428"},"modified":"2023-07-28T12:45:26","modified_gmt":"2023-07-28T15:45:26","slug":"monitorias","status":"publish","type":"page","link":"https:\/\/www.fensg.upe.br\/?page_id=1428","title":{"rendered":"Monitorias"},"content":{"rendered":"\n<div class=\"clear\"><\/div><div class=\"toggle close\"><h3 class=\"toggle-head-open\"><strong>Enfermagem<\/strong><i class=\"fa fa-angle-up\"><\/i><\/h3><h3 class=\"toggle-head-close\"><strong>Enfermagem<\/strong><i class=\"fa fa-angle-down\"><\/i><\/h3><div class=\"toggle-content\">\n\t\t\t\n\n\n\n<figure class=\"wp-block-table is-style-stripes\"><table class=\"has-fixed-layout\"><thead><tr><th class=\"has-text-align-left\" data-align=\"left\"><strong><mark style=\"background-color:rgba(0, 0, 0, 0)\" class=\"has-inline-color has-black-color\">Disciplinas<\/mark><\/strong><\/th><th><strong><mark style=\"background-color:rgba(0, 0, 0, 0)\" class=\"has-inline-color has-black-color\">Coordenadores<\/mark><\/strong><\/th><\/tr><\/thead><tbody><tr><td class=\"has-text-align-left\" data-align=\"left\"><\/td><td><\/td><\/tr><tr><td class=\"has-text-align-left\" data-align=\"left\">Ensino Interprofissional na \u00e1rea da sa\u00fade<\/td><td>Katiuscia Lopes<\/td><\/tr><tr><td class=\"has-text-align-left\" data-align=\"left\">Enfermagem Perioperat\u00f3ria (CME)<\/td><td>Emanuela Batista e Mar\u00edlia Perrelli<\/td><\/tr><tr><td class=\"has-text-align-left\" data-align=\"left\">Enfermagem Perioperat\u00f3ria (Centro Cir\u00fargico)<\/td><td>Emanuela Batista e Mar\u00edlia Perrelli<\/td><\/tr><tr><td class=\"has-text-align-left\" data-align=\"left\">Semiologia<\/td><td>Viviane Tannuri e Izabel Arruda<\/td><\/tr><tr><td class=\"has-text-align-left\" data-align=\"left\">Semiot\u00e9cnica<\/td><td>Viviane Tannuri e Izabel Arruda<\/td><\/tr><tr><td class=\"has-text-align-left\" data-align=\"left\">Inform\u00e1tica em sa\u00fade<\/td><td>Claudinalle Souza<\/td><\/tr><tr><td class=\"has-text-align-left\" data-align=\"left\">Enfermagem em emerg\u00eancias e traumas<\/td><td>Elizabeth Amorim<\/td><\/tr><tr><td class=\"has-text-align-left\" data-align=\"left\">Primeiros socorros<\/td><td>Elizabeth Amorim<\/td><\/tr><tr><td class=\"has-text-align-left\" data-align=\"left\">Emerg\u00eancias Pedi\u00e1tricas<\/td><td>Vania Costa<\/td><\/tr><tr><td class=\"has-text-align-left\" data-align=\"left\">Aten\u00e7\u00e3o \u00e0 Sa\u00fade do neonato, da Crian\u00e7a e Adolescente<\/td><td>Sandra Low<\/td><\/tr><tr><td class=\"has-text-align-left\" data-align=\"left\">Enfermagem em Sa\u00fade da Mulher<\/td><td>Maria Suely Correa<\/td><\/tr><tr><td class=\"has-text-align-left\" data-align=\"left\">Enfermagem em Sa\u00fade da Mulher com \u00canfase em Fam\u00edlia<\/td><td>Maria das Neves Figueiroa<\/td><\/tr><tr><td class=\"has-text-align-left\" data-align=\"left\">Enfermagem em Sa\u00fade do Idoso<\/td><td>F\u00e1bia Lima<\/td><\/tr><tr><td class=\"has-text-align-left\" data-align=\"left\">Enfermagem em Doen\u00e7as Infecciosas e Parasit\u00e1rias<\/td><td>Maria Beatriz Ara\u00fajo<\/td><\/tr><tr><td class=\"has-text-align-left\" data-align=\"left\">Promo\u00e7\u00e3o \u00e0 sa\u00fade da crian\u00e7a e do adolescente nos diversos cen\u00e1rios do cuidar.<\/td><td>Ana Virg\u00ednia e Waldemar Neto<\/td><\/tr><tr><td class=\"has-text-align-left\" data-align=\"left\">Pr\u00e1ticas Integrativas do Cuidar<\/td><td>Alexsandra Xavier<\/td><\/tr><tr><td class=\"has-text-align-left\" data-align=\"left\">Enfermagem em Unidade de Terapia Intensiva \u2013 UTI<\/td><td>Betise Mery<\/td><\/tr><tr><td class=\"has-text-align-left\" data-align=\"left\">Epidemiologia<\/td><td>Ros\u00e1rio Antunes e Mirian Domingos<\/td><\/tr><tr><td class=\"has-text-align-left\" data-align=\"left\">Enfermagem em Cl\u00ednica M\u00e9dica \u00a0<\/td><td>Tania Guimar\u00e3es<\/td><\/tr><tr><td class=\"has-text-align-left\" data-align=\"left\">Monitoria em psiquiatria e sa\u00fade mental<\/td><td>L\u00edgia Almeida e Felicialle Pereira<\/td><\/tr><tr><td class=\"has-text-align-left\" data-align=\"left\">Monitoria em Sa\u00fade Mental e Psiquiatria \/ Laborat\u00f3rio de Viv\u00eancias.<\/td><td>Edilene Barbosa<\/td><\/tr><\/tbody><\/table><\/figure>\n\n\n\n\n\t\t\t<\/div><\/div>\n\n\n\n<div class=\"clear\"><\/div><div class=\"toggle close\"><h3 class=\"toggle-head-open\"><strong>Ci\u00eancia Sociais<\/strong><i class=\"fa fa-angle-up\"><\/i><\/h3><h3 class=\"toggle-head-close\"><strong>Ci\u00eancia Sociais<\/strong><i class=\"fa fa-angle-down\"><\/i><\/h3><div class=\"toggle-content\">\n\t\t\t\n\n\n\n<figure class=\"wp-block-table is-style-stripes\"><table class=\"has-fixed-layout\"><thead><tr><th><strong><mark style=\"background-color:rgba(0, 0, 0, 0)\" class=\"has-inline-color has-black-color\">Disciplinas<\/mark><\/strong><\/th><th><strong><mark style=\"background-color:rgba(0, 0, 0, 0)\" class=\"has-inline-color has-black-color\">Coordenadores<\/mark><\/strong><\/th><\/tr><\/thead><tbody><tr><td><\/td><td><\/td><\/tr><tr><td>Teorias Antropol\u00f3gicas\u00a0<\/td><td>Anderson Vicente da Silva\u00a0 \u00a0<\/td><\/tr><tr><td>Fundamentos sociol\u00f3gicos<\/td><td>Anderson Vicente da Silva<\/td><\/tr><tr><td>G\u00eanero e Ci\u00eancias Sociais \u2013 Eletiva<\/td><td>Andr\u00e9a Bandeira<\/td><\/tr><tr><td>Teoria Pol\u00edtica Cl\u00e1ssica \u2013 Obrigat\u00f3ria<\/td><td>Andr\u00e9a Bandeira<\/td><\/tr><tr><td>Di\u00e1logos e Media\u00e7\u00f5es: O ensino e o registro de experi\u00eancias para a forma\u00e7\u00e3o docente.<\/td><td>Leozina Andrade e Erisv\u00e9lton S\u00e1vio de Melo<\/td><\/tr><tr><td>Pol\u00edtica com ci\u00eancia<\/td><td>Renan Cabral<\/td><\/tr><\/tbody><\/table><\/figure>\n\n\n\n\n\t\t\t<\/div><\/div>\n","protected":false},"excerpt":{"rendered":"","protected":false},"author":2,"featured_media":0,"parent":0,"menu_order":0,"comment_status":"closed","ping_status":"closed","template":"","meta":[],"_links":{"self":[{"href":"https:\/\/www.fensg.upe.br\/index.php?rest_route=\/wp\/v2\/pages\/1428"}],"collection":[{"href":"https:\/\/www.fensg.upe.br\/index.php?rest_route=\/wp\/v2\/pages"}],"about":[{"href":"https:\/\/www.fensg.upe.br\/index.php?rest_route=\/wp\/v2\/types\/page"}],"author":[{"embeddable":true,"href":"https:\/\/www.fensg.upe.br\/index.php?rest_route=\/wp\/v2\/users\/2"}],"replies":[{"embeddable":true,"href":"https:\/\/www.fensg.upe.br\/index.php?rest_route=%2Fwp%2Fv2%2Fcomments&post=1428"}],"version-history":[{"count":3,"href":"https:\/\/www.fensg.upe.br\/index.php?rest_route=\/wp\/v2\/pages\/1428\/revisions"}],"predecessor-version":[{"id":1434,"href":"https:\/\/www.fensg.upe.br\/index.php?rest_route=\/wp\/v2\/pages\/1428\/revisions\/1434"}],"wp:attachment":[{"href":"https:\/\/www.fensg.upe.br\/index.php?rest_route=%2Fwp%2Fv2%2Fmedia&parent=1428"}],"curies":[{"name":"wp","href":"https:\/\/api.w.org\/{rel}","templated":true}]}}